{"version":"1.0","provider_name":"\u0411\u0430\u043b\u0430\u043b\u0430\u0439\u043a\u0430","provider_url":"https:\/\/balalajka.cafeblog.hu","author_name":"L\u00f3tusz","author_url":"https:\/\/balalajka.cafeblog.hu\/author\/lotusz\/","title":"Moszkva by night","html":"&nbsp;\r\n\r\nAz al\u00e1bbi fantasztikus k\u00e9pek Moszkv\u00e1ban k\u00e9sz\u00fcltek. Nem is ak\u00e1rhonnan k\u00e9sz\u00edtette a fot\u00f3s \u0151ket: a \"Ver\u00e9bhegy\"-r\u0151l, azaz Moszkva elit negyed\u00e9b\u0151l. A Kil\u00e1t\u00e1s szemk\u00e1pr\u00e1ztat\u00f3: Moszkv\u00e1ban nagyon sok magas \u00e9p\u00fclet van, ezek mind szuper\u00fcl kivil\u00e1g\u00edtva...\r\n\r\nAz al\u00e1bbi fot\u00f3kat n\u00e9zegetve, \u00fajra kedvem t\u00e1mad elruccanni Moszkv\u00e1ba...\r\n\r\n&nbsp;\r\n\r\n<a href=\"https:\/\/balalajka.cafeblog.hu\/files\/2014\/07\/1.jpg\"><img class=\"alignnone size-full wp-image-909\" src=\"https:\/\/balalajka.cafeblog.hu\/files\/2014\/07\/1.jpg\" alt=\"1\" width=\"700\" height=\"700\" \/><\/a>\r\n\r\n&nbsp;\r\n\r\n<span id=\"result_box\" lang=\"hu\"><span class=\"hps\">Ezek a l\u00e1tv\u00e1nyos<\/span> <span class=\"hps\">otthonok<\/span>\u00a0<span class=\"hps\">val\u00f3sz\u00edn\u0171leg minden<\/span> moszkvai <span class=\"hps\">lakos sz\u00e1m\u00e1ra l\u00e1that\u00f3ak. Nem neh\u00e9z <\/span><span class=\"hps\">\u00e9szrevenni<\/span> a <span class=\"hps\">magas<\/span> <span class=\"hps\">tornyokat<\/span> <span class=\"hps atn\">(<\/span>48 <span class=\"hps\">emelet), melyek a f\u0151v\u00e1ros <\/span><span class=\"hps\">egyik<\/span> <span class=\"hps\">legmagasabb pontj\u00e1n tal\u00e1lhat\u00f3. Az \u00e9p\u00fclet\u00a0<\/span><span class=\"hps\">170<\/span> <span class=\"hps\">m\u00e9ter magas, legfels\u0151 szintj\u00e9n Penthouse-sal. <\/span>\r\n<span class=\"hps\">A h\u00e1rmas \u00e9p\u00fcletegy\u00fcttes tetej\u00e9n speci\u00e1lis vil\u00e1g\u00edt\u00e1si rendszer m\u0171k\u00f6dik, mellyel 10 m\u00e1sodpercenk\u00e9nt v\u00e1ltoztatj\u00e1k a vil\u00e1g\u00edt\u00e1s sz\u00edn\u00e9t: s\u00e1rga, narancss\u00e1rga, piros.... mindig \u00fcnnepi hangulatot hoz.\r\n<\/span><\/span>\r\n\r\n<a href=\"https:\/\/balalajka.cafeblog.hu\/files\/2014\/07\/2.jpg\"><img class=\"alignnone size-full wp-image-910\" src=\"https:\/\/balalajka.cafeblog.hu\/files\/2014\/07\/2.jpg\" alt=\"2\" width=\"700\" height=\"458\" \/><\/a>\r\n\r\n&nbsp;\r\n\r\n<a href=\"https:\/\/balalajka.cafeblog.hu\/files\/2014\/07\/3.jpg\"><img class=\"alignnone size-full wp-image-911\" src=\"https:\/\/balalajka.cafeblog.hu\/files\/2014\/07\/3.jpg\" alt=\"3\" width=\"700\" height=\"467\" \/><\/a>\r\n\r\n&nbsp;\r\n\r\n<a href=\"https:\/\/balalajka.cafeblog.hu\/files\/2014\/07\/4.jpg\"><img class=\"alignnone size-full wp-image-912\" src=\"https:\/\/balalajka.cafeblog.hu\/files\/2014\/07\/4.jpg\" alt=\"4\" width=\"1200\" height=\"265\" \/><\/a>\r\n\r\n&nbsp;\r\n\r\n<a href=\"https:\/\/balalajka.cafeblog.hu\/files\/2014\/07\/5.jpg\"><img class=\"alignnone size-full wp-image-913\" src=\"https:\/\/balalajka.cafeblog.hu\/files\/2014\/07\/5.jpg\" alt=\"5\" width=\"2000\" height=\"386\" \/><\/a>\r\n\r\n&nbsp;\r\n\r\n<a href=\"https:\/\/balalajka.cafeblog.hu\/files\/2014\/07\/6.jpg\"><img class=\"alignnone size-full wp-image-914\" src=\"https:\/\/balalajka.cafeblog.hu\/files\/2014\/07\/6.jpg\" alt=\"6\" width=\"2000\" height=\"441\" \/><\/a>\r\n\r\n&nbsp;\r\n\r\n<a href=\"https:\/\/balalajka.cafeblog.hu\/files\/2014\/07\/7.jpg\"><img class=\"alignnone size-full wp-image-915\" src=\"https:\/\/balalajka.cafeblog.hu\/files\/2014\/07\/7.jpg\" alt=\"7\" width=\"1995\" height=\"514\" \/><\/a>\r\n\r\n&nbsp;\r\n\r\n<a href=\"https:\/\/balalajka.cafeblog.hu\/files\/2014\/07\/8.jpg\"><img class=\"alignnone size-full wp-image-916\" src=\"https:\/\/balalajka.cafeblog.hu\/files\/2014\/07\/8.jpg\" alt=\"8\" width=\"700\" height=\"467\" \/><\/a>\r\n\r\n&nbsp;\r\n\r\n<a href=\"https:\/\/balalajka.cafeblog.hu\/files\/2014\/07\/9.jpg\"><img class=\"alignnone size-full wp-image-917\" src=\"https:\/\/balalajka.cafeblog.hu\/files\/2014\/07\/9.jpg\" alt=\"9\" width=\"700\" height=\"467\" \/><\/a>\r\n\r\n&nbsp;\r\n\r\nA k\u00f6vetkez\u0151 \"\"l\u00e1tv\u00e1nyoss\u00e1g\" az \"Arany Kulcs\" \u00e9p\u00fcletegy\u00fcttes, mely hasonl\u00f3an az el\u0151z\u0151h\u00f6z, csod\u00e1latos megvil\u00e1g\u00edt\u00e1ssal rendelkezik.\r\n\r\n&nbsp;\r\n\r\n<a href=\"https:\/\/balalajka.cafeblog.hu\/files\/2014\/07\/10.jpg\"><img class=\"alignnone size-full wp-image-918\" src=\"https:\/\/balalajka.cafeblog.hu\/files\/2014\/07\/10.jpg\" alt=\"10\" width=\"700\" height=\"700\" \/><\/a>\r\n\r\n&nbsp;\r\n\r\nA \"Kutuzov Rivi\u00e9ra\" is csod\u00e1s kivil\u00e1g\u00edt\u00e1ssal h\u00edvja fel a figyelmet mag\u00e1ra \u00e9jjel:\r\n\r\n<a href=\"https:\/\/balalajka.cafeblog.hu\/files\/2014\/07\/12.jpg\"><img class=\"alignnone size-full wp-image-919\" src=\"https:\/\/balalajka.cafeblog.hu\/files\/2014\/07\/12.jpg\" alt=\"12\" width=\"700\" height=\"462\" \/><\/a>\r\n\r\n&nbsp;\r\n\r\n&nbsp;\r\n\r\nAz al\u00e1bbi k\u00e9p ak\u00e1r makett is lehetne, mert annyira egys\u00e9ges \u00e9s mes\u00e9s kis miniv\u00e1ros a \"Szetuny\" v\u00e1rosh\u00e1z k\u00f6r\u00fcli h\u00e1zak egy\u00fcttese.\r\n\r\n&nbsp;\r\n\r\n<a href=\"https:\/\/balalajka.cafeblog.hu\/files\/2014\/07\/14.jpg\"><img class=\"alignnone size-full wp-image-921\" src=\"https:\/\/balalajka.cafeblog.hu\/files\/2014\/07\/14.jpg\" alt=\"14\" width=\"700\" height=\"467\" \/><\/a>\r\n\r\n&nbsp;\r\n\r\nKerek h\u00e1zhoz kerek udvar:\r\n\r\n<a href=\"https:\/\/balalajka.cafeblog.hu\/files\/2014\/07\/13.jpg\"><img class=\"alignnone size-full wp-image-922\" src=\"https:\/\/balalajka.cafeblog.hu\/files\/2014\/07\/13.jpg\" alt=\"13\" width=\"700\" height=\"467\" \/><\/a>\r\n\r\n&nbsp;\r\n\r\nSzuper a kil\u00e1t\u00e1s a Minszk utca \u00e9s a Moszfilm utca tal\u00e1lkoz\u00e1s\u00e1n\u00e1l is.\r\n\r\n<a href=\"https:\/\/balalajka.cafeblog.hu\/files\/2014\/07\/15.jpg\"><img class=\"alignnone size-full wp-image-923\" src=\"https:\/\/balalajka.cafeblog.hu\/files\/2014\/07\/15.jpg\" alt=\"15\" width=\"700\" height=\"467\" \/><\/a>\r\n\r\n&nbsp;\r\n\r\nA Moszkvai \u00c1llami Egyetem is m\u00e9lt\u00f3s\u00e1gteljesen magasodik a v\u00e1ros f\u00f6l\u00e9 \u00e9jjel-nappal...\r\n\r\n&nbsp;\r\n\r\n<a href=\"https:\/\/balalajka.cafeblog.hu\/files\/2014\/07\/16.jpg\"><img class=\"alignnone size-full wp-image-924\" src=\"https:\/\/balalajka.cafeblog.hu\/files\/2014\/07\/16.jpg\" alt=\"16\" width=\"700\" height=\"467\" \/><\/a>\r\n\r\n&nbsp;\r\n\r\n&nbsp;\r\n\r\n&nbsp;\r\n\r\nA Nagy Honv\u00e9d\u0151 H\u00e1bor\u00fa K\u00f6zponti M\u00fazeuma\r\n\r\n<a href=\"https:\/\/balalajka.cafeblog.hu\/files\/2014\/07\/17.jpg\"><img class=\"alignnone size-full wp-image-925\" src=\"https:\/\/balalajka.cafeblog.hu\/files\/2014\/07\/17.jpg\" alt=\"17\" width=\"700\" height=\"439\" \/><\/a>\r\n\r\n&nbsp;\r\n\r\nPanor\u00e1ma a k\u00f6zponti oldalon\r\n\r\n<a href=\"https:\/\/balalajka.cafeblog.hu\/files\/2014\/07\/18.jpg\"><img class=\"alignnone size-full wp-image-926\" src=\"https:\/\/balalajka.cafeblog.hu\/files\/2014\/07\/18.jpg\" alt=\"18\" width=\"2048\" height=\"189\" \/><\/a>\r\n\r\n&nbsp;\r\n\r\n&nbsp;\r\n\r\nOcsakov-Matvejevszkoe ker\u00fclet:\r\n\r\n<a href=\"https:\/\/balalajka.cafeblog.hu\/files\/2014\/07\/19.jpg\"><img class=\"alignnone size-full wp-image-927\" src=\"https:\/\/balalajka.cafeblog.hu\/files\/2014\/07\/19.jpg\" alt=\"19\" width=\"1200\" height=\"426\" \/><\/a>\r\n\r\n&nbsp;\r\n\r\n\u00c9szaki torony\r\n\r\n<a href=\"https:\/\/balalajka.cafeblog.hu\/files\/2014\/07\/20.jpg\"><img class=\"alignnone size-full wp-image-928\" src=\"https:\/\/balalajka.cafeblog.hu\/files\/2014\/07\/20.jpg\" alt=\"20\" width=\"1200\" height=\"554\" \/><\/a>\r\n\r\n&nbsp;\r\n\r\n<span id=\"result_box\" lang=\"hu\"><span class=\"hps\">Kreml, <\/span><span class=\"hps\">Krisztus\u00a0<\/span><span class=\"hps\">Megv\u00e1lt\u00f3<\/span> Sz\u00e9kesegyh\u00e1z <span class=\"hps\">a<\/span> <span class=\"hps\">k\u00e9t h\u00edd<\/span> <span class=\"hps\">k\u00f6z\u00f6tt<\/span> <span class=\"hps\">a Moszkva foly\u00f3...<\/span><\/span>\r\n\r\n<a href=\"https:\/\/balalajka.cafeblog.hu\/files\/2014\/07\/21.jpg\"><img class=\"alignnone size-full wp-image-929\" src=\"https:\/\/balalajka.cafeblog.hu\/files\/2014\/07\/21.jpg\" alt=\"21\" width=\"1200\" height=\"645\" \/><\/a>\r\n\r\n&nbsp;\r\n\r\n<a href=\"https:\/\/balalajka.cafeblog.hu\/files\/2014\/07\/22.jpg\"><img class=\"alignnone size-full wp-image-930\" src=\"https:\/\/balalajka.cafeblog.hu\/files\/2014\/07\/22.jpg\" alt=\"22\" width=\"1200\" height=\"561\" \/><\/a>\r\n\r\n&nbsp;\r\n\r\nStadion\r\n\r\n<a href=\"https:\/\/balalajka.cafeblog.hu\/files\/2014\/07\/23.jpg\"><img class=\"alignnone size-full wp-image-931\" src=\"https:\/\/balalajka.cafeblog.hu\/files\/2014\/07\/23.jpg\" alt=\"23\" width=\"1200\" height=\"498\" \/><\/a>\r\n\r\n&nbsp;\r\n\r\nA Sberbank k\u00f6zponti irod\u00e1ja\r\n\r\n&nbsp;\r\n\r\n<a href=\"https:\/\/balalajka.cafeblog.hu\/files\/2014\/07\/24.jpg\"><img class=\"alignnone size-full wp-image-932\" src=\"https:\/\/balalajka.cafeblog.hu\/files\/2014\/07\/24.jpg\" alt=\"24\" width=\"1200\" height=\"542\" \/><\/a>\r\n\r\n&nbsp;\r\n\r\nHogy tetszik az \u00f6ssze\u00e1ll\u00edt\u00e1s?\r\n\r\n&nbsp;\r\n\r\nK\u00e9pek: http:\/\/chistoprudov.livejournal.com\/\r\n\r\n&nbsp;","type":"rich","thumbnail_url":"https:\/\/balalajka.cafeblog.hu\/files\/2014\/07\/16-150x150.jpg","thumbnail_width":150,"thumbnail_height":150}